{"id":1133,"date":"2018-02-19T18:47:55","date_gmt":"2018-02-19T16:47:55","guid":{"rendered":"http:\/\/tmbgy.ro\/?page_id=1133"},"modified":"2018-02-19T18:47:55","modified_gmt":"2018-02-19T16:47:55","slug":"a-regi-imahaz-tortenelme","status":"publish","type":"page","link":"https:\/\/tmbgy.demhub.net\/?page_id=1133","title":{"rendered":"A r\u00e9gi imah\u00e1z t\u00f6rt\u00e9nelme"},"content":{"rendered":"<p>\u00cdgy n\u00e9zett ki:<\/p>\n<p><img loading=\"lazy\" decoding=\"async\" class=\"alignleft size-full wp-image-1131\" src=\"https:\/\/demjencloud.synology.me\/tmbgy\/wp-content\/uploads\/2018\/02\/Regiepulet.jpg\" alt=\"\" width=\"555\" height=\"398\" \/><\/p>\n<p>Gy\u00fclekezet\u00fcnk jelenlegi imaterm\u00e9nek t\u00f6rt\u00e9nete 1940 m\u00e1jus\u00e1ban kezd\u0151dik, ugyanis 31-\u00e9n el\u0151deink megv\u00e1s\u00e1rolt\u00e1k a telket amelyre ez \u00e9p\u00edtve lett.<\/p>\n<p>Az \u00e9p\u00edtkez\u00e9st m\u00e1r j\u00faniusban elkezdt\u00e9k \u00e9s okt\u00f3berben m\u00e1r fel is volt \u00e9p\u00edtve az \u00faj imah\u00e1z, hivatalos megnyit\u00e1sa a k\u00f6vetkez\u0151 \u00e9v febru\u00e1rj\u00e1ban volt.<\/p>\n<p>Az akkor fel\u00e9p\u00edtett \u00e9p\u00fclet egy imateremb\u0151l \u00e9s ennek h\u00e1ts\u00f3 v\u00e9g\u00e9ben egy gondoz\u00f3i lak\u00e1sb\u00f3l \u00e1llt.<\/p>\n<p>Ez az \u00e9p\u00fclet t\u00f6bb moderniz\u00e1l\u00e1son, fel\u00faj\u00edt\u00e1son s\u0151t nagyobb\u00edt\u00e1son is \u00e1tesett.<\/p>\n<p>A legjelent\u0151sebb moderniz\u00e1l\u00e1s 1987-ben volt, amikor a gondoz\u00f3i lak\u00e1s meg lett magas\u00edtva \u00e9s a v\u00e1laszfal kibont\u00e1s\u00e1val r\u00e9sze lett az imateremnek. Az \u00edgy megnagyobb\u00edtott imaterem folytat\u00e1sak\u00e9nt m\u00e9g egy \u00f6lt\u00f6z\u0151 \u00e9s egy kis iroda is lett \u00e9p\u00edtve.\u00a0 Ezek alatt pedig lett egy kis terem a\u00a0 vas\u00e1rnapi iskol\u00e1sok r\u00e9sz\u00e9re, valamint a kaz\u00e1nh\u00e1z is.<\/p>\n<p>Ez az \u00e9p\u00fclet, az 1940 \u00e9vi technol\u00f3gi\u00e1val fel\u00e9p\u00edtve hossz\u00fa ideig megfelel\u0151 volt. Az id\u0151 vasfoga m\u00e9gis kikezdte, \u00e9s a jav\u00edt\u00e1sok, (falak, tet\u0151, ny\u00edl\u00e1s z\u00e1r\u00f3k, f\u0171t\u00e9s, elektromos h\u00e1l\u00f3zat) pedig nagy k\u00f6lts\u00e9gekkel j\u00e1rt volna, ez\u00e9rt a gy\u00fclekezet t\u00f6bbs\u00e9ge \u00fagy d\u00f6nt\u00f6tt itt az ideje a teljes fel\u00faj\u00edt\u00e1snak.<\/p>\n<p>&nbsp;<\/p>\n<p>&nbsp;<\/p>\n","protected":false},"excerpt":{"rendered":"<p>\u00cdgy n\u00e9zett ki: Gy\u00fclekezet\u00fcnk jelenlegi imaterm\u00e9nek t\u00f6rt\u00e9nete 1940 m\u00e1jus\u00e1ban kezd\u0151dik, ugyanis 31-\u00e9n el\u0151deink megv\u00e1s\u00e1rolt\u00e1k a telket amelyre ez \u00e9p\u00edtve lett. Az \u00e9p\u00edtkez\u00e9st m\u00e1r j\u00faniusban elkezdt\u00e9k \u00e9s okt\u00f3berben m\u00e1r fel is volt \u00e9p\u00edtve az \u00faj imah\u00e1z, hivatalos megnyit\u00e1sa a k\u00f6vetkez\u0151 \u00e9v febru\u00e1rj\u00e1ban volt. Az akkor fel\u00e9p\u00edtett \u00e9p\u00fclet egy imateremb\u0151l \u00e9s ennek h\u00e1ts\u00f3 v\u00e9g\u00e9ben egy gondoz\u00f3i lak\u00e1sb\u00f3l&#8230;<\/p>\n","protected":false},"author":2,"featured_media":0,"parent":0,"menu_order":0,"comment_status":"closed","ping_status":"closed","template":"","meta":{"_kad_post_transparent":"","_kad_post_title":"","_kad_post_layout":"","_kad_post_sidebar_id":"","_kad_post_content_style":"","_kad_post_vertical_padding":"","_kad_post_feature":"","_kad_post_feature_position":"","_kad_post_header":false,"_kad_post_footer":false,"_kad_post_classname":"","footnotes":""},"class_list":["post-1133","page","type-page","status-publish","hentry"],"_links":{"self":[{"href":"https:\/\/tmbgy.demhub.net\/index.php?rest_route=\/wp\/v2\/pages\/1133","targetHints":{"allow":["GET"]}}],"collection":[{"href":"https:\/\/tmbgy.demhub.net\/index.php?rest_route=\/wp\/v2\/pages"}],"about":[{"href":"https:\/\/tmbgy.demhub.net\/index.php?rest_route=\/wp\/v2\/types\/page"}],"author":[{"embeddable":true,"href":"https:\/\/tmbgy.demhub.net\/index.php?rest_route=\/wp\/v2\/users\/2"}],"replies":[{"embeddable":true,"href":"https:\/\/tmbgy.demhub.net\/index.php?rest_route=%2Fwp%2Fv2%2Fcomments&post=1133"}],"version-history":[{"count":0,"href":"https:\/\/tmbgy.demhub.net\/index.php?rest_route=\/wp\/v2\/pages\/1133\/revisions"}],"wp:attachment":[{"href":"https:\/\/tmbgy.demhub.net\/index.php?rest_route=%2Fwp%2Fv2%2Fmedia&parent=1133"}],"curies":[{"name":"wp","href":"https:\/\/api.w.org\/{rel}","templated":true}]}}